{"id":2202,"date":"2022-12-27T11:27:02","date_gmt":"2022-12-27T11:27:02","guid":{"rendered":"https:\/\/inhetarchief.be\/?page_id=2202"},"modified":"2025-11-25T15:59:10","modified_gmt":"2025-11-25T15:59:10","slug":"het-archief-antwerpen-geschiedenis","status":"publish","type":"page","link":"https:\/\/inhetarchief.be\/it\/het-archief-antwerpen-geschiedenis\/","title":{"rendered":"La storia di THE ARCHIVE ora enoteca"},"content":{"rendered":"<p>[et_pb_section fb_built=&#8221;1&#8243; _builder_version=&#8221;4.19.4&#8243; _module_preset=&#8221;default&#8221; global_colors_info=&#8221;{}&#8221;][et_pb_row _builder_version=&#8221;4.19.4&#8243; _module_preset=&#8221;default&#8221; global_colors_info=&#8221;{}&#8221;][et_pb_column type=&#8221;4_4&#8243; _builder_version=&#8221;4.19.4&#8243; _module_preset=&#8221;default&#8221; global_colors_info=&#8221;{}&#8221;][et_pb_text _builder_version=&#8221;4.27.4&#8243; _module_preset=&#8221;default&#8221; text_font=&#8221;ARCHIEF||||||||&#8221; text_font_size=&#8221;18px&#8221; text_line_height=&#8221;1.6em&#8221; global_colors_info=&#8221;{}&#8221;]<\/p>\n<p><img decoding=\"async\" class=\"wp-image-2292 aligncenter size-medium lazyload\" data-src=\"https:\/\/inhetarchief.be\/wp-content\/uploads\/2022\/12\/best-winebar-of-antwerp-00019-300x194.png\" alt=\"\" width=\"300\" height=\"194\" src=\"data:image\/svg+xml;base64,PHN2ZyB3aWR0aD0iMSIgaGVpZ2h0PSIxIiB4bWxucz0iaHR0cDovL3d3dy53My5vcmcvMjAwMC9zdmciPjwvc3ZnPg==\" style=\"--smush-placeholder-width: 300px; --smush-placeholder-aspect-ratio: 300\/194;\" \/><\/p>\n<p style=\"text-align: center;\">DE PLEK<\/p>\n<p style=\"text-align: left;\">Iedereen kent de iconische Boerentoren, op vijftig meter hiervandaan, een ontwerp van het trio Van Averbeke, Vanhoenacker, Smolders. (1931)<img decoding=\"async\" class=\"wp-image-2065 alignright size-medium lazyload\" data-src=\"https:\/\/inhetarchief.be\/wp-content\/uploads\/2022\/12\/316066141_3520451164854687_29891007695814002_n-1-300x227.jpg\" alt=\"\" width=\"300\" height=\"227\" src=\"data:image\/svg+xml;base64,PHN2ZyB3aWR0aD0iMSIgaGVpZ2h0PSIxIiB4bWxucz0iaHR0cDovL3d3dy53My5vcmcvMjAwMC9zdmciPjwvc3ZnPg==\" style=\"--smush-placeholder-width: 300px; --smush-placeholder-aspect-ratio: 300\/227;\" \/><\/p>\n<p><img decoding=\"async\" class=\"wp-image-2205 alignleft size-medium lazyload\" data-src=\"https:\/\/inhetarchief.be\/wp-content\/uploads\/2022\/12\/Boekentoren-gent-2-227x300.png\" alt=\"\" width=\"227\" height=\"300\" data-srcset=\"https:\/\/inhetarchief.be\/wp-content\/uploads\/2022\/12\/Boekentoren-gent-2-227x300.png 227w, https:\/\/inhetarchief.be\/wp-content\/uploads\/2022\/12\/Boekentoren-gent-2.png 252w\" data-sizes=\"(max-width: 227px) 100vw, 227px\" src=\"data:image\/svg+xml;base64,PHN2ZyB3aWR0aD0iMSIgaGVpZ2h0PSIxIiB4bWxucz0iaHR0cDovL3d3dy53My5vcmcvMjAwMC9zdmciPjwvc3ZnPg==\" style=\"--smush-placeholder-width: 227px; --smush-placeholder-aspect-ratio: 227\/300;\" \/><\/p>\n<p>Iedereen kent de iconische Boekentoren, op meer dan vijftig kilometer hiervandaan, in Gent, een ontwerp van Henry van de Velde. (1930)<\/p>\n<p>Niemand kent de metalen boekentoren waarin u zich bevindt. Een van de eerste, zoniet d\u00e9 eerste metalen boekentoren van het Europese vasteland. Een ontwerp van geniaal ingenieur Th\u00e9odore Lebens. (1850)<\/p>\n<p>&nbsp;<\/p>\n<p>Tijd om in deze onbekendheid enige verandering aan te brengen.<\/p>\n<p>Welkom in <strong>HET ARCHIEF<\/strong><\/p>\n<p style=\"text-align: center;\"><img decoding=\"async\" class=\"wp-image-2584 size-large lazyload\" data-src=\"https:\/\/inhetarchief.be\/wp-content\/uploads\/2023\/06\/het-archief-antwerpen-00015-682x1024.jpg\" alt=\"Het Archief Antwerpen wijnbar\" width=\"682\" height=\"1024\" data-srcset=\"https:\/\/inhetarchief.be\/wp-content\/uploads\/2023\/06\/het-archief-antwerpen-00015-682x1024.jpg 682w, https:\/\/inhetarchief.be\/wp-content\/uploads\/2023\/06\/het-archief-antwerpen-00015-480x720.jpg 480w\" data-sizes=\"(min-width: 0px) and (max-width: 480px) 480px, (min-width: 481px) 682px, 100vw\" src=\"data:image\/svg+xml;base64,PHN2ZyB3aWR0aD0iMSIgaGVpZ2h0PSIxIiB4bWxucz0iaHR0cDovL3d3dy53My5vcmcvMjAwMC9zdmciPjwvc3ZnPg==\" style=\"--smush-placeholder-width: 682px; --smush-placeholder-aspect-ratio: 682\/1024;\" \/><\/p>\n<p style=\"text-align: center;\">Het Archief<\/p>\n<p style=\"text-align: center;\">Welkom in dit revolutionaire (!) pand dat in 1851 werd ontworpen en dat een parel van architectuur, techniek en functionaliteit is.<\/p>\n<p>Onze zaak heet HET ARCHIEF omdat deze naam, euh, nogal voor de hand ligt.<\/p>\n<p>Meer dan honderdzeventig jaar geleden werd dit gebouw opgetrokken om er de boeken en het archiefmateriaal van de Provincie in onder te brengen. De fa\u00e7ade van dit pand is sober en onopvallend. Het interieur van dit pand is sober en z\u00e9\u00e9r opvallend. In deze plek gaat baanbrekende en grensverleggende visie schuil.<\/p>\n<p>U staat in een interieur dat volledig, van top tot teen, uit gietijzer bestaat.<\/p>\n<p>U staat in een verborgen parel die, op een uitzonderlijke tijdspanne van vijf jaar na, meer dan anderhalve eeuw voor de buitenwereld gesloten was.<\/p>\n<p>U staat of zit in een van de indrukwekkendste metalen panden van Europa.<\/p>\n<p><img decoding=\"async\" class=\"wp-image-2207 alignleft size-medium lazyload\" data-src=\"https:\/\/inhetarchief.be\/wp-content\/uploads\/2022\/12\/Crystal-palace-2-300x200.png\" alt=\"\" width=\"300\" height=\"200\" src=\"data:image\/svg+xml;base64,PHN2ZyB3aWR0aD0iMSIgaGVpZ2h0PSIxIiB4bWxucz0iaHR0cDovL3d3dy53My5vcmcvMjAwMC9zdmciPjwvc3ZnPg==\" style=\"--smush-placeholder-width: 300px; --smush-placeholder-aspect-ratio: 300\/200;\" \/>Het Crystal Palace in Londen, opgericht naar aanleiding van de Wereldtentoonstelling in 1851, werd in hetzelfde jaar als dit archief opgetrokken. Het prachtige Crystal Palace is een van Engelands eerste gebouwen die volledig op gietijzeren onderdelen steunen. Het geniet een enorme bekendheid, wereldwijd.<\/p>\n<p>In Engeland werd gietijzer, voor de techniek ook voor gebouwen werd ingezet, al gebruikt voor de constructie serres en bruggen ingezet.\u00a0Het smelten en smeden van het ijzer en het ontwerpen van ingewikkelde constructies met dit materiaal, was een ambacht die de Engelsen als geen ander beheersten.<\/p>\n<p>Zij, pioniers, werden meesters in hun vak. Ingenieurs en architecten van het vasteland staken aan de overkant van het Kanaal hun licht op. Ze brachten de kunst en kunde van smeedijzeren architectuur naar continentaal Europa.<\/p>\n<p>Enkele voorbeelden?<\/p>\n<p>Denk aan de historische hangbrug in het Stadspark van Antwerpen, een ontwerp van Eduard Keilig, een Duitse landschapsarchitect met een zwak voor Engeland. De ijzeren hangbrug is van 1867 &#8211; toen bestond \u2018dit Archief\u2019 al bijna twintig jaar.<\/p>\n<p>Denk ook aan de Eiffeltoren, die nog twintig jaar later werd opgetrokken, in 1887.<\/p>\n<p>Al hoeft u niet zo ver te gaan.<\/p>\n<p>Het monumentale Sint-Felix Pakhuis (1863) aan de Godefriduskaai op het Eilandje rust op gietijzeren pijlers \u2013 nog geen half uur stappen en u bent er.<\/p>\n<p>Het boekenmagazijn van de stads- en Erfgoedbibliotheek (omstreeks 1880) op het Hendrik Conscienceplein, waar ook onze andere zaak BOHM &amp; Berkel groeit en bloeit, is eveneens een juweel van gietijzer. Net als de gaanderij van de imposante en tot de verbeelding sprekende Nottebohmzaal in diezelfde Erfgoedbibliotheek.\u00a0 <img decoding=\"async\" class=\"wp-image-2206 alignright size-medium lazyload\" data-src=\"https:\/\/inhetarchief.be\/wp-content\/uploads\/2022\/12\/erfgoedbib-2-300x200.png\" alt=\"\" width=\"300\" height=\"200\" src=\"data:image\/svg+xml;base64,PHN2ZyB3aWR0aD0iMSIgaGVpZ2h0PSIxIiB4bWxucz0iaHR0cDovL3d3dy53My5vcmcvMjAwMC9zdmciPjwvc3ZnPg==\" style=\"--smush-placeholder-width: 300px; --smush-placeholder-aspect-ratio: 300\/200;\" \/><\/p>\n<p>Photo: \u00a9 Lucid<\/p>\n<p>Even terloops.<br \/>Niet dat de gietijzeren constructies in ons land van een leien dakje liepen: het gieten en assembleren van de talrijke onderdelen van dit archief heeft bijvoorbeeld voor allerhande complicaties gezorgd. De bouw van dit archief liep daardoor vertragingen op. Maar de problemen werden allemaal opgelost door Gietijzerfabrikant Galler in Luik. Wallonni\u00eb en zijn m\u00e9tallurgie: het duo heeft een lange geschiedenis.<\/p>\n<p>Leuk weetje tussendoor.<\/p>\n<p>De bovenste traptrede van dit archief, op de hoogste verdieping dus, kon door Atelier Galler pas gevormd en gesmeed worden toen de hele trap ge\u00efnstalleerd was: op 20 juli 1852.<\/p>\n<p>Dit Archief bestaat uiteraard niet toevallig uit gietijzer.<br \/>Brandveiligheid was voor de bouwheren de drijfveer om voor dit materiaal te kiezen. Een archief met houten rekken en planken was geen optie. Daarom was dit oorspronkelijk ook een losstaand huis: het gevaar voor brand werd aldus verkleind.<\/p>\n<p>Alleen de gelijkvloerse verdieping bestaat uit bakstenen. Dat is omdat zich daar, waar u bent binnengekomen, de stookruimte bevindt.<img decoding=\"async\" class=\"wp-image-2210 alignleft size-medium lazyload\" data-src=\"https:\/\/inhetarchief.be\/wp-content\/uploads\/2022\/12\/tekening-archief-2-127x300.png\" alt=\"\" width=\"127\" height=\"300\" data-srcset=\"https:\/\/inhetarchief.be\/wp-content\/uploads\/2022\/12\/tekening-archief-2-127x300.png 127w, https:\/\/inhetarchief.be\/wp-content\/uploads\/2022\/12\/tekening-archief-2.png 200w\" data-sizes=\"(max-width: 127px) 100vw, 127px\" src=\"data:image\/svg+xml;base64,PHN2ZyB3aWR0aD0iMSIgaGVpZ2h0PSIxIiB4bWxucz0iaHR0cDovL3d3dy53My5vcmcvMjAwMC9zdmciPjwvc3ZnPg==\" style=\"--smush-placeholder-width: 127px; --smush-placeholder-aspect-ratio: 127\/300;\" \/><\/p>\n<p>De vier daarboven liggende etages bestaan volledig uit gietijzer: vloeren, trappen, pilaren, bouten en verbindingsstukken, de centrale wenteltrap met een holle, metalen spil die, <em>o geniale Th\u00e9odore,<\/em> als kachelpijp fungeert: dankzij de gietijzeren constructie wordt de warmte uit de stookruimte als vanzelf over het hele gebouw geleidt.<\/p>\n<p>Uiteraard zijn ook alle boeken- en archiefrekken van gietijzer.<\/p>\n<p>Nog een leuk weetje.<\/p>\n<p>Als we alle modulaire wandrekken achter elkaar zouden leggen, zou dat pad van metalen roosters u van onze voordeur tot aan het MAS, het Museum Aan de Stroom, brengen. Hier staan voor meer dan 1 kilometer boekenrekken.<\/p>\n<p>Dit pand is beschermd erfgoed.<br \/>Er mag aan dit archief niets veranderd worden.<br \/>Wij respecteren deze bescherming. Sterker, we eren en waarderen ze.<\/p>\n<p>We mogen de metalen vloerroosters, met hun grote mazen waar elke schoenhak in steken blijft, met tapijt dicht leggen. Dat wel.<br \/>Maar met dat tapijt plegen we wel een inbreuk op het genie van de ontwerper. Die heeft gaslicht vermeden &#8211; omdat gaslicht brandgevaar met zich meebrengt. Wat heeft gaslicht met vloerroosters te maken? Dankzij de grote mazen in de metalen vloerroosters kan het daglicht via de ramen op alle verdiepingen binnenvallen. Dwarrelendgewijs. Want teveel daglicht en teveel ramen konden voor ingenieur Lebens evenmin. Licht maakt papier geel. En dat willen archief en archivaris niet. Vandaar dat alle ramen sierlijk uitgerust zijn met kunstig op maat gemaakte metalen binnenluiken!<\/p>\n<p>Er valt over dit pand nog veel meer te vertellen.<br \/>Je zou er boek over kunnen schrijven, zullen we maar zeggen \ud83d\ude42<\/p>\n<p>Dat doen we niet.<\/p>\n<p>Wat u misschien w\u00e9l nog graag weet:<\/p>\n<p><img decoding=\"async\" class=\"wp-image-2060 alignright size-medium lazyload\" data-src=\"https:\/\/inhetarchief.be\/wp-content\/uploads\/2022\/12\/318078081_119481944317037_70175088240605135_n-1-1-300x196.jpg\" alt=\"\" width=\"300\" height=\"196\" src=\"data:image\/svg+xml;base64,PHN2ZyB3aWR0aD0iMSIgaGVpZ2h0PSIxIiB4bWxucz0iaHR0cDovL3d3dy53My5vcmcvMjAwMC9zdmciPjwvc3ZnPg==\" style=\"--smush-placeholder-width: 300px; --smush-placeholder-aspect-ratio: 300\/196;\" \/>Deze hele hoek werd aan het einde van de tweede wereldoorlog door een V2-bom plat gebombardeerd.<\/p>\n<p>Dit archief bleef, dankzij dat binnenskelet van gietijzer, geheel overeind.<\/p>\n<p>Al raakte de fa\u00e7ade\u00a0 beschadigd. En in de spil van de centrale wenteltrap is het gietijzer her en der gescheurd of gebroken.<\/p>\n<p>Een van de hypotheses van de oorzaken van deze breuken luidt: impact van de bom die hier in december 1944 de wijk verwoestte.<\/p>\n<p>Het archief werd omstreeks de oorlogsjaren wel ontruimd, en boeken en materiaal kregen elders onderdak.<\/p>\n<p>Dit pand stond decennialang leeg. Sleutel op de gewapende deuren.<\/p>\n<p>Uiteraard werd het pand sinds zijn bestaan grondig gerestaureerd.<\/p>\n<p>Aan de buitenzijde dan toch. Het interieur werd (nog) niet onder handen genomen. Omdat er, dankzij zijn intactheid, geen nood aan is.<\/p>\n<p>Dit pand kende, in zijn pakweg honderdvijfenzeventigjarig bestaan,\u00a0vanzelfspreken meerdere eigenaren.<br \/>Het is niet langer eigendom van een overheidsinstantie en evenmin van het bisdom in wiens flanken het archief gehuisvest is.<br \/>Vandaag is dit unieke gebouw in handen van een sympathieke en erfgoedminnende priv\u00e9-eigenaar, die het aan ons verhuurt.<\/p>\n<p>Nog een leuk weetje.<\/p>\n<p>Over de Geefsstraat, waarvan HET ARCHIEF huisnummer 5 inneemt.<\/p>\n<p><img decoding=\"async\" class=\"wp-image-2208 alignleft size-medium lazyload\" data-src=\"https:\/\/inhetarchief.be\/wp-content\/uploads\/2022\/12\/RUBENS-2-209x300.png\" alt=\"\" width=\"209\" height=\"300\" data-srcset=\"https:\/\/inhetarchief.be\/wp-content\/uploads\/2022\/12\/RUBENS-2-209x300.png 209w, https:\/\/inhetarchief.be\/wp-content\/uploads\/2022\/12\/RUBENS-2.png 264w\" data-sizes=\"(max-width: 209px) 100vw, 209px\" src=\"data:image\/svg+xml;base64,PHN2ZyB3aWR0aD0iMSIgaGVpZ2h0PSIxIiB4bWxucz0iaHR0cDovL3d3dy53My5vcmcvMjAwMC9zdmciPjwvc3ZnPg==\" style=\"--smush-placeholder-width: 209px; --smush-placeholder-aspect-ratio: 209\/300;\" \/>De Geefsstraat is vernoemd naar de artistieke familie Geefs, die maar liefst acht beeldhouwers telt. Een van deze beeldhouwers is Willem (Guillaume) Geefs, die leefde van 1805 tot 1883. Het standbeeld van Pieter Paul Rubens, die op zijn sokkel in het midden van de Groenplaats deze kant opkijkt, is van Willem Geefs hand en hoofd.<\/p>\n<p style=\"text-align: center;\">open op , vrijdag &#8211; zaterdag en zondag, van 12u\u00a0 tot 20u.<\/p>\n<p>u kunt ter plekke genieten en\/of het goede leven meenemen of aan de deur laten leveren.<\/p>\n<p>Ad Bibendum wijnen &#8211; Van Tricht kazen &#8211; Dierendonck charcuterie<\/p>\n<p>Bieren van kleine brouwerijen en enkele voltreffers van grote<\/p>\n<p>HET ARCHIEF staat open voor kleine <em>\u2018events\u2019.<\/em><br \/>Ook de derde en vierde etage kunnen tijdelijk uitgebaat worden door een cultureel organisator, een kunstenaar, een bedrijf&#8230;<br \/>Alle voorwaarden te bespreken met Ernst.<\/p>\n<p>&nbsp;<\/p>\n<p>&nbsp;<\/p>\n<p style=\"text-align: center;\">HET ARCHIEF<\/p>\n<p style=\"text-align: center;\">GEEFSSTRAAT 5<\/p>\n<p style=\"text-align: center;\">2000 ANTWERPEN<\/p>\n<p style=\"text-align: center;\">(+32)468221251 \/ERNST<\/p>\n<p>Bronnen: met dank aan het werk \u2018Provinciaal Archiefgebouw te Antwerpen\u2019 van Linda Van Langendonk, Hilde Vermolen en Anne Malliet. Ook grote dank aan Inge Bertels, architectuurhistorica met een groot zwak voor deze verborgen parel. <a href=\"https:\/\/inhetarchief.be\/wp-content\/uploads\/2025\/08\/httpspublicaties.vlaanderen.beview-file43685-pages.pdf\">De restauratie\u00a0<\/a><\/p>\n<p>&nbsp;<\/p>\n<p><img decoding=\"async\" class=\"wp-image-2292 aligncenter size-large lazyload\" data-src=\"https:\/\/inhetarchief.be\/wp-content\/uploads\/2022\/12\/best-winebar-of-antwerp-00019-1024x663.png\" alt=\"\" width=\"1024\" height=\"663\" src=\"data:image\/svg+xml;base64,PHN2ZyB3aWR0aD0iMSIgaGVpZ2h0PSIxIiB4bWxucz0iaHR0cDovL3d3dy53My5vcmcvMjAwMC9zdmciPjwvc3ZnPg==\" style=\"--smush-placeholder-width: 1024px; --smush-placeholder-aspect-ratio: 1024\/663;\" \/><\/p>\n<p>&nbsp;<\/p>\n<p>[\/et_pb_text][\/et_pb_column][\/et_pb_row][et_pb_row _builder_version=&#8221;4.27.4&#8243; _module_preset=&#8221;default&#8221;][et_pb_column _builder_version=&#8221;4.27.4&#8243; _module_preset=&#8221;default&#8221; type=&#8221;4_4&#8243;][et_pb_code _builder_version=&#8221;4.27.4&#8243; _module_preset=&#8221;default&#8221; hover_enabled=&#8221;0&#8243; sticky_enabled=&#8221;0&#8243;]<script><!-- [et_pb_line_break_holder] -->(function(){if(!window.chatbase||window.chatbase(\"getState\")!==\"initialized\"){window.chatbase=(...arguments)=>{if(!window.chatbase.q){window.chatbase.q=[]}window.chatbase.q.push(arguments)};window.chatbase=new Proxy(window.chatbase,{get(target,prop){if(prop===\"q\"){return target.q}return(...args)=>target(prop,...args)}})}const onLoad=function(){const script=document.createElement(\"script\");script.src=\"https:\/\/www.chatbase.co\/embed.min.js\";script.id=\"LBuPNdynkCRvPKCrhFeOE\";script.domain=\"www.chatbase.co\";document.body.appendChild(script)};if(document.readyState===\"complete\"){onLoad()}else{window.addEventListener(\"load\",onLoad)}})();<!-- [et_pb_line_break_holder] --><\/script>[\/et_pb_code][\/et_pb_column][\/et_pb_row][\/et_pb_section]<\/p>\n","protected":false},"excerpt":{"rendered":"<p>DE PLEK Iedereen kent de iconische Boerentoren, op vijftig meter hiervandaan, een ontwerp van het trio Van Averbeke, Vanhoenacker, Smolders. (1931) Iedereen kent de iconische Boekentoren, op meer dan vijftig kilometer hiervandaan, in Gent, een ontwerp van Henry van de Velde. (1930) Niemand kent de metalen boekentoren waarin u zich bevindt. Een van de eerste, [&hellip;]<\/p>\n","protected":false},"author":1,"featured_media":0,"parent":0,"menu_order":0,"comment_status":"closed","ping_status":"closed","template":"","meta":{"_et_pb_use_builder":"on","_et_pb_old_content":"","_et_gb_content_width":"","_monsterinsights_skip_tracking":false,"_monsterinsights_sitenote_active":false,"_monsterinsights_sitenote_note":"","_monsterinsights_sitenote_category":0,"footnotes":""},"class_list":["post-2202","page","type-page","status-publish","hentry"],"aioseo_notices":[],"_links":{"self":[{"href":"https:\/\/inhetarchief.be\/it\/wp-json\/wp\/v2\/pages\/2202","targetHints":{"allow":["GET"]}}],"collection":[{"href":"https:\/\/inhetarchief.be\/it\/wp-json\/wp\/v2\/pages"}],"about":[{"href":"https:\/\/inhetarchief.be\/it\/wp-json\/wp\/v2\/types\/page"}],"author":[{"embeddable":true,"href":"https:\/\/inhetarchief.be\/it\/wp-json\/wp\/v2\/users\/1"}],"replies":[{"embeddable":true,"href":"https:\/\/inhetarchief.be\/it\/wp-json\/wp\/v2\/comments?post=2202"}],"version-history":[{"count":7,"href":"https:\/\/inhetarchief.be\/it\/wp-json\/wp\/v2\/pages\/2202\/revisions"}],"predecessor-version":[{"id":3250,"href":"https:\/\/inhetarchief.be\/it\/wp-json\/wp\/v2\/pages\/2202\/revisions\/3250"}],"wp:attachment":[{"href":"https:\/\/inhetarchief.be\/it\/wp-json\/wp\/v2\/media?parent=2202"}],"curies":[{"name":"wp","href":"https:\/\/api.w.org\/{rel}","templated":true}]}}